{"id":3,"date":"2025-05-18T19:19:21","date_gmt":"2025-05-18T17:19:21","guid":{"rendered":"https:\/\/www.pilasexpress.com\/tienda\/?page_id=3"},"modified":"2025-06-01T23:12:21","modified_gmt":"2025-06-01T21:12:21","slug":"politica-privacidad","status":"publish","type":"page","link":"https:\/\/pilasexpress.com\/tienda\/politica-privacidad\/","title":{"rendered":"Pol\u00edtica de privacidad"},"content":{"rendered":"<p>CLAUSULA INFORMATIVA<\/p>\n<p>REGLAMENTO EUROPEO DE PROTECCION DE DATOS<\/p>\n<p>Identificaci\u00f3n del Responsable. Le informamos que los datos personales que Usted nos proporciona son incorporados a un tratamiento de datos personales denominado CLIENTES-PROVEEDORES cuyo responsable es PEDRO MIGUEL GARRE NAVARRO con CIF 45599613C y con domicilio en CALLE SUIZA 3, 04860-OULA DEL RIO, ALMERIA (ESPA\u00d1A). Puede contactar con el Responsable, bien por tel\u00e9fono en el n\u00famero 635574152 o bien mediante correo electr\u00f3nico en el buz\u00f3n INFO@PILASEXPRESS.COM<\/p>\n<p>Delegado de Protecci\u00f3n de Datos. No existe Delegado de protecci\u00f3n de datos en esta entidad.<\/p>\n<p>Finalidad. En PEDRO MIGUEL GARRE NAVARRO tratamos la informaci\u00f3n de las personas interesadas con la siguiente finalidad: En LEANTEC.ES tratamos la informaci\u00f3n que nos facilitan las personas interesadas con el fin de poder ofrecerle servicios de acuerdo con sus intereses, mejorar su experiencia de usuario, elaboraremos un \u201cperfil comercial\u201d, en base a la informaci\u00f3n facilitada.<\/p>\n<p>Adicionalmente, tambi\u00e9n tratamos tus datos para el env\u00edo, incluso por medios electr\u00f3nicos, de comunicaciones promocionales sobre actividades, campa\u00f1as e iniciativas de naturaleza similar a las que hayas participado con anterioridad.<\/p>\n<p>El interesado puede oponerse a recibir este tipo de comunicaciones promocionales, ahora o en cualquier otro momento, enviando un correo electr\u00f3nico a la direcci\u00f3n electr\u00f3nica de INFO@PILASEXPRESS.COM o dirigiendo una solicitud a nuestra direcci\u00f3n postal.<\/p>\n<p>Plazo de Conservaci\u00f3n. El plazo de conservaci\u00f3n de sus datos personales ser\u00e1 de:Sus datos personales se conservar\u00e1n mientras se mantenga su relaci\u00f3n y, tras la finalizaci\u00f3n de dicha relaci\u00f3n por cualquier causa, durante los plazos de prescripci\u00f3n legales que sean de aplicaci\u00f3n. En este supuesto, se tratar\u00e1n a los solos efectos de acreditar el cumplimiento de nuestras obligaciones legales o contractuales. Finalizados dichos plazos de prescripci\u00f3n, sus datos ser\u00e1n eliminados o, alternativamente, anonimizados.<\/p>\n<p>Decisiones automatizadas y elaboraci\u00f3n de perfiles. Le informamos que no existen decisiones automatizadas incluyendo la elaboraci\u00f3n de perfiles.<\/p>\n<p>Base Jur\u00eddica del Tratamiento. La base legal para el tratamiento de sus datos es la legitimaci\u00f3n por consentimiento del interesado<\/p>\n<p>Destinatarios de cesiones. Tus datos podr\u00e1n ser cedidos a los destinatarios que se indican a continuaci\u00f3n, por los motivos que a continuaci\u00f3n se explican:<\/p>\n<p>-Proveedores que precisen acceder a sus datos para la prestaci\u00f3n de servicios que PEDRO MIGUEL GARRE NAVARRO haya contratado a dichos proveedores, y con los cuales PEDRO MIGUEL GARRE NAVARRO tiene suscritos los contratos de confidencialidad y de tratamiento de datos personales necesarios y exigidos por la normativa para proteger su privacidad.<\/p>\n<p>\u2013 Aquellas cesiones a terceros que sean necesarias para cumplir con las obligaciones derivadas de las campa\u00f1as, actividades e iniciativas en las que voluntariamente participes.<\/p>\n<p>Si en el futuro PEDRO MIGUEL GARRE NAVARRO realizara otras cesiones de datos personales, te informar\u00e1 oportunamente.<\/p>\n<p>Transferencias Internacionales. No se realiza transferencias internacionales de datos personales.<\/p>\n<p>Derechos. De acuerdo con los derechos que le confiere en la normativa vigente en protecci\u00f3n de datos podr\u00e1 ejercer los derechos de acceso, rectificaci\u00f3n, limitaci\u00f3n de tratamiento, supresi\u00f3n, portabilidad y oposici\u00f3n al tratamiento de sus datos de car\u00e1cter personal as\u00ed como del consentimiento prestado para el tratamiento de los mismos, dirigiendo su petici\u00f3n a la direcci\u00f3n postal indicada m\u00e1s arriba o al correo electr\u00f3nico.<\/p>\n","protected":false},"excerpt":{"rendered":"<p>CLAUSULA INFORMATIVA REGLAMENTO EUROPEO DE PROTECCION DE DATOS Identificaci\u00f3n del Responsable. Le informamos que los datos personales que Usted nos proporciona son incorporados a un tratamiento de datos personales denominado CLIENTES-PROVEEDORES cuyo responsable es PEDRO MIGUEL GARRE NAVARRO con CIF 45599613C y con domicilio en CALLE SUIZA 3, 04860-OULA DEL RIO, ALMERIA (ESPA\u00d1A). Puede contactar [&hellip;]<\/p>\n","protected":false},"author":1,"featured_media":0,"parent":0,"menu_order":0,"comment_status":"closed","ping_status":"open","template":"","meta":{"footnotes":""},"class_list":["post-3","page","type-page","status-publish","hentry"],"yoast_head":"<!-- This site is optimized with the Yoast SEO plugin v25.3 - https:\/\/yoast.com\/wordpress\/plugins\/seo\/ -->\n<title>Pol\u00edtica de privacidad - PilasExpress<\/title>\n<meta name=\"description\" content=\"Identificaci\u00f3n del Responsable. Le informamos que los datos personales que Usted nos proporciona son incorporados a un tratamiento de datos personales denominado CLIENTES-PROVEEDORES\" \/>\n<meta name=\"robots\" content=\"index, follow, max-snippet:-1, max-image-preview:large, max-video-preview:-1\" \/>\n<link rel=\"canonical\" href=\"https:\/\/pilasexpress.com\/tienda\/politica-privacidad\/\" \/>\n<meta property=\"og:locale\" content=\"es_ES\" \/>\n<meta property=\"og:type\" content=\"article\" \/>\n<meta property=\"og:title\" content=\"Pol\u00edtica de privacidad - PilasExpress\" \/>\n<meta property=\"og:description\" content=\"Identificaci\u00f3n del Responsable. Le informamos que los datos personales que Usted nos proporciona son incorporados a un tratamiento de datos personales denominado CLIENTES-PROVEEDORES\" \/>\n<meta property=\"og:url\" content=\"https:\/\/pilasexpress.com\/tienda\/politica-privacidad\/\" \/>\n<meta property=\"og:site_name\" content=\"PilasExpress\" \/>\n<meta property=\"article:modified_time\" content=\"2025-06-01T21:12:21+00:00\" \/>\n<meta name=\"twitter:card\" content=\"summary_large_image\" \/>\n<meta name=\"twitter:label1\" content=\"Tiempo de lectura\" \/>\n\t<meta name=\"twitter:data1\" content=\"3 minutos\" \/>\n<script type=\"application\/ld+json\" class=\"yoast-schema-graph\">{\"@context\":\"https:\/\/schema.org\",\"@graph\":[{\"@type\":\"WebPage\",\"@id\":\"https:\/\/pilasexpress.com\/tienda\/politica-privacidad\/\",\"url\":\"https:\/\/pilasexpress.com\/tienda\/politica-privacidad\/\",\"name\":\"Pol\u00edtica de privacidad - PilasExpress\",\"isPartOf\":{\"@id\":\"https:\/\/pilasexpress.com\/tienda\/#website\"},\"datePublished\":\"2025-05-18T17:19:21+00:00\",\"dateModified\":\"2025-06-01T21:12:21+00:00\",\"description\":\"Identificaci\u00f3n del Responsable. Le informamos que los datos personales que Usted nos proporciona son incorporados a un tratamiento de datos personales denominado CLIENTES-PROVEEDORES\",\"breadcrumb\":{\"@id\":\"https:\/\/pilasexpress.com\/tienda\/politica-privacidad\/#breadcrumb\"},\"inLanguage\":\"es\",\"potentialAction\":[{\"@type\":\"ReadAction\",\"target\":[\"https:\/\/pilasexpress.com\/tienda\/politica-privacidad\/\"]}]},{\"@type\":\"BreadcrumbList\",\"@id\":\"https:\/\/pilasexpress.com\/tienda\/politica-privacidad\/#breadcrumb\",\"itemListElement\":[{\"@type\":\"ListItem\",\"position\":1,\"name\":\"Portada\",\"item\":\"https:\/\/pilasexpress.com\/tienda\/\"},{\"@type\":\"ListItem\",\"position\":2,\"name\":\"Pol\u00edtica de privacidad\"}]},{\"@type\":\"WebSite\",\"@id\":\"https:\/\/pilasexpress.com\/tienda\/#website\",\"url\":\"https:\/\/pilasexpress.com\/tienda\/\",\"name\":\"PilasExpress\",\"description\":\"Tu tienda de pilas de confianza, con env\u00edo express y al mejor precio. Gran variedad de modelos. Stock real. Env\u00edos en 24\/48h desde Espa\u00f1a.\",\"publisher\":{\"@id\":\"https:\/\/pilasexpress.com\/tienda\/#organization\"},\"potentialAction\":[{\"@type\":\"SearchAction\",\"target\":{\"@type\":\"EntryPoint\",\"urlTemplate\":\"https:\/\/pilasexpress.com\/tienda\/?s={search_term_string}\"},\"query-input\":{\"@type\":\"PropertyValueSpecification\",\"valueRequired\":true,\"valueName\":\"search_term_string\"}}],\"inLanguage\":\"es\"},{\"@type\":\"Organization\",\"@id\":\"https:\/\/pilasexpress.com\/tienda\/#organization\",\"name\":\"PilasExpress\",\"url\":\"https:\/\/pilasexpress.com\/tienda\/\",\"logo\":{\"@type\":\"ImageObject\",\"inLanguage\":\"es\",\"@id\":\"https:\/\/pilasexpress.com\/tienda\/#\/schema\/logo\/image\/\",\"url\":\"\",\"contentUrl\":\"\",\"caption\":\"PilasExpress\"},\"image\":{\"@id\":\"https:\/\/pilasexpress.com\/tienda\/#\/schema\/logo\/image\/\"}}]}<\/script>\n<!-- \/ Yoast SEO plugin. -->","yoast_head_json":{"title":"Pol\u00edtica de privacidad - PilasExpress","description":"Identificaci\u00f3n del Responsable. Le informamos que los datos personales que Usted nos proporciona son incorporados a un tratamiento de datos personales denominado CLIENTES-PROVEEDORES","robots":{"index":"index","follow":"follow","max-snippet":"max-snippet:-1","max-image-preview":"max-image-preview:large","max-video-preview":"max-video-preview:-1"},"canonical":"https:\/\/pilasexpress.com\/tienda\/politica-privacidad\/","og_locale":"es_ES","og_type":"article","og_title":"Pol\u00edtica de privacidad - PilasExpress","og_description":"Identificaci\u00f3n del Responsable. Le informamos que los datos personales que Usted nos proporciona son incorporados a un tratamiento de datos personales denominado CLIENTES-PROVEEDORES","og_url":"https:\/\/pilasexpress.com\/tienda\/politica-privacidad\/","og_site_name":"PilasExpress","article_modified_time":"2025-06-01T21:12:21+00:00","twitter_card":"summary_large_image","twitter_misc":{"Tiempo de lectura":"3 minutos"},"schema":{"@context":"https:\/\/schema.org","@graph":[{"@type":"WebPage","@id":"https:\/\/pilasexpress.com\/tienda\/politica-privacidad\/","url":"https:\/\/pilasexpress.com\/tienda\/politica-privacidad\/","name":"Pol\u00edtica de privacidad - PilasExpress","isPartOf":{"@id":"https:\/\/pilasexpress.com\/tienda\/#website"},"datePublished":"2025-05-18T17:19:21+00:00","dateModified":"2025-06-01T21:12:21+00:00","description":"Identificaci\u00f3n del Responsable. Le informamos que los datos personales que Usted nos proporciona son incorporados a un tratamiento de datos personales denominado CLIENTES-PROVEEDORES","breadcrumb":{"@id":"https:\/\/pilasexpress.com\/tienda\/politica-privacidad\/#breadcrumb"},"inLanguage":"es","potentialAction":[{"@type":"ReadAction","target":["https:\/\/pilasexpress.com\/tienda\/politica-privacidad\/"]}]},{"@type":"BreadcrumbList","@id":"https:\/\/pilasexpress.com\/tienda\/politica-privacidad\/#breadcrumb","itemListElement":[{"@type":"ListItem","position":1,"name":"Portada","item":"https:\/\/pilasexpress.com\/tienda\/"},{"@type":"ListItem","position":2,"name":"Pol\u00edtica de privacidad"}]},{"@type":"WebSite","@id":"https:\/\/pilasexpress.com\/tienda\/#website","url":"https:\/\/pilasexpress.com\/tienda\/","name":"PilasExpress","description":"Tu tienda de pilas de confianza, con env\u00edo express y al mejor precio. Gran variedad de modelos. Stock real. Env\u00edos en 24\/48h desde Espa\u00f1a.","publisher":{"@id":"https:\/\/pilasexpress.com\/tienda\/#organization"},"potentialAction":[{"@type":"SearchAction","target":{"@type":"EntryPoint","urlTemplate":"https:\/\/pilasexpress.com\/tienda\/?s={search_term_string}"},"query-input":{"@type":"PropertyValueSpecification","valueRequired":true,"valueName":"search_term_string"}}],"inLanguage":"es"},{"@type":"Organization","@id":"https:\/\/pilasexpress.com\/tienda\/#organization","name":"PilasExpress","url":"https:\/\/pilasexpress.com\/tienda\/","logo":{"@type":"ImageObject","inLanguage":"es","@id":"https:\/\/pilasexpress.com\/tienda\/#\/schema\/logo\/image\/","url":"","contentUrl":"","caption":"PilasExpress"},"image":{"@id":"https:\/\/pilasexpress.com\/tienda\/#\/schema\/logo\/image\/"}}]}},"jetpack_sharing_enabled":true,"_links":{"self":[{"href":"https:\/\/pilasexpress.com\/tienda\/wp-json\/wp\/v2\/pages\/3","targetHints":{"allow":["GET"]}}],"collection":[{"href":"https:\/\/pilasexpress.com\/tienda\/wp-json\/wp\/v2\/pages"}],"about":[{"href":"https:\/\/pilasexpress.com\/tienda\/wp-json\/wp\/v2\/types\/page"}],"author":[{"embeddable":true,"href":"https:\/\/pilasexpress.com\/tienda\/wp-json\/wp\/v2\/users\/1"}],"replies":[{"embeddable":true,"href":"https:\/\/pilasexpress.com\/tienda\/wp-json\/wp\/v2\/comments?post=3"}],"version-history":[{"count":1,"href":"https:\/\/pilasexpress.com\/tienda\/wp-json\/wp\/v2\/pages\/3\/revisions"}],"predecessor-version":[{"id":497,"href":"https:\/\/pilasexpress.com\/tienda\/wp-json\/wp\/v2\/pages\/3\/revisions\/497"}],"wp:attachment":[{"href":"https:\/\/pilasexpress.com\/tienda\/wp-json\/wp\/v2\/media?parent=3"}],"curies":[{"name":"wp","href":"https:\/\/api.w.org\/{rel}","templated":true}]}}